{"id":4693,"date":"2025-07-03T18:58:58","date_gmt":"2025-07-03T18:58:58","guid":{"rendered":"https:\/\/partidogaleguista.org\/?page_id=4693"},"modified":"2025-08-15T20:54:37","modified_gmt":"2025-08-15T20:54:37","slug":"sauda-do-presidente","status":"publish","type":"page","link":"https:\/\/partidogaleguista.org\/index.php\/sauda-do-presidente\/","title":{"rendered":"Sa\u00fada do Presidente"},"content":{"rendered":"\t\t<div data-elementor-type=\"wp-page\" data-elementor-id=\"4693\" class=\"elementor elementor-4693\">\n\t\t\t\t<div class=\"elementor-element elementor-element-ada251b e-grid e-con-boxed e-con e-parent\" data-id=\"ada251b\" data-element_type=\"container\" data-e-type=\"container\">\n\t\t\t\t\t<div class=\"e-con-inner\">\n\t\t\t\t<div class=\"elementor-element elementor-element-6379de6 elementor-widget elementor-widget-image\" data-id=\"6379de6\" data-element_type=\"widget\" data-e-type=\"widget\" data-widget_type=\"image.default\">\n\t\t\t\t\t\t\t\t\t\t\t\t\t\t\t<img fetchpriority=\"high\" decoding=\"async\" width=\"1024\" height=\"938\" src=\"https:\/\/partidogaleguista.org\/wp-content\/uploads\/2025\/07\/WhatsApp-Image-2025-07-03-at-23.11.13-1024x938.jpeg\" class=\"attachment-large size-large wp-image-4713\" alt=\"\" srcset=\"https:\/\/partidogaleguista.org\/wp-content\/uploads\/2025\/07\/WhatsApp-Image-2025-07-03-at-23.11.13-1024x938.jpeg 1024w, https:\/\/partidogaleguista.org\/wp-content\/uploads\/2025\/07\/WhatsApp-Image-2025-07-03-at-23.11.13-300x275.jpeg 300w, https:\/\/partidogaleguista.org\/wp-content\/uploads\/2025\/07\/WhatsApp-Image-2025-07-03-at-23.11.13-768x703.jpeg 768w, https:\/\/partidogaleguista.org\/wp-content\/uploads\/2025\/07\/WhatsApp-Image-2025-07-03-at-23.11.13-1536x1406.jpeg 1536w, https:\/\/partidogaleguista.org\/wp-content\/uploads\/2025\/07\/WhatsApp-Image-2025-07-03-at-23.11.13-640x586.jpeg 640w, https:\/\/partidogaleguista.org\/wp-content\/uploads\/2025\/07\/WhatsApp-Image-2025-07-03-at-23.11.13-400x366.jpeg 400w, https:\/\/partidogaleguista.org\/wp-content\/uploads\/2025\/07\/WhatsApp-Image-2025-07-03-at-23.11.13-367x336.jpeg 367w, https:\/\/partidogaleguista.org\/wp-content\/uploads\/2025\/07\/WhatsApp-Image-2025-07-03-at-23.11.13.jpeg 1600w\" sizes=\"(max-width: 1024px) 100vw, 1024px\" \/>\t\t\t\t\t\t\t\t\t\t\t\t\t\t\t<\/div>\n\t\t\t\t<div class=\"elementor-element elementor-element-b68b88a elementor-widget elementor-widget-text-editor\" data-id=\"b68b88a\" data-element_type=\"widget\" data-e-type=\"widget\" data-widget_type=\"text-editor.default\">\n\t\t\t\t\t\t\t\t\t<p><strong>Cada pobo t\u00e9n os seus momentos nos que se abren xanelas de oportunidade. Galicia est\u00e1 nun deses momentos.<\/strong><\/p>\n<p>Temos que asumir aqu\u00ed e agora a nosa responsabilidade con orgullo de pa\u00eds e realismo. Ter orgullo de pa\u00eds significa mirar pra adiante, non pra os lados, xerar proxeutos propios, non subsidiarios doutros, colocar a Galicia no lugar que lle corresponde en Europa e no mundo, con tanta liberdade como responsabilidade. Traballar con realismo significa renunciar a dogmatismos, rixideces e proclamas doutrinarias, e traballar \u00f3 rente do chan, cunha idea cabal do pa\u00eds que temos e do que queremos e podemos constru\u00edr, abertos \u00f3 di\u00e1logo con t\u00f3dolos sectores da poboaci\u00f3n sen esclusi\u00f3n.<\/p>\n<p>O Partido Galeguista renace agora pra ser o motor que remova a vida social e pol\u00edtica desta terra, que abra novos cami\u00f1os que lle devolvan a Galicia o seu protagonismo como pa\u00eds. Queremos que o eleitorado galego deixe de votar a uns e outros como mal menor e se entusiasme cunha forza pol\u00edtica propia na que conf\u00eda sen reservas.<\/p>\n<p>Estamos definitivamente orgullosos dos que nos precederon neste partido e queremos po\u00f1er en valor a s\u00faa tradici\u00f3n tanto de compromiso innegociable con Galicia como de inconformismo, e dende este inconformismo invitamos a t\u00f3dolos galegos a constru\u00edr connosco un futuro renovado pr\u00e1 pr\u00f3usima xeraci\u00f3n.<\/p>\n<p><em>3 de xullo do 2025<\/em><\/p>\n<p><strong><em>Xes\u00fas Manuel Su\u00e1rez Garc\u00eda<\/em><\/strong><\/p>\t\t\t\t\t\t\t\t<\/div>\n\t\t\t\t\t<\/div>\n\t\t\t\t<\/div>\n\t\t\t\t<\/div>\n\t\t","protected":false},"excerpt":{"rendered":"<p>Cada pobo t\u00e9n os seus momentos nos que se abren xanelas de oportunidade. Galicia est\u00e1 nun deses momentos. Temos que asumir aqu\u00ed e agora a nosa responsabilidade con orgullo de pa\u00eds e realismo. Ter orgullo de pa\u00eds significa mirar pra adiante, non pra os lados, xerar proxeutos propios, non subsidiarios doutros, colocar a Galicia no [&hellip;]<\/p>\n","protected":false},"author":1,"featured_media":0,"parent":0,"menu_order":0,"comment_status":"closed","ping_status":"closed","template":"","meta":{"saved_in_kubio":false,"footnotes":""},"class_list":["post-4693","page","type-page","status-publish","hentry"],"kubio_ai_page_context":{"short_desc":"","purpose":"general"},"_links":{"self":[{"href":"https:\/\/partidogaleguista.org\/index.php\/wp-json\/wp\/v2\/pages\/4693","targetHints":{"allow":["GET"]}}],"collection":[{"href":"https:\/\/partidogaleguista.org\/index.php\/wp-json\/wp\/v2\/pages"}],"about":[{"href":"https:\/\/partidogaleguista.org\/index.php\/wp-json\/wp\/v2\/types\/page"}],"author":[{"embeddable":true,"href":"https:\/\/partidogaleguista.org\/index.php\/wp-json\/wp\/v2\/users\/1"}],"replies":[{"embeddable":true,"href":"https:\/\/partidogaleguista.org\/index.php\/wp-json\/wp\/v2\/comments?post=4693"}],"version-history":[{"count":2,"href":"https:\/\/partidogaleguista.org\/index.php\/wp-json\/wp\/v2\/pages\/4693\/revisions"}],"predecessor-version":[{"id":7325,"href":"https:\/\/partidogaleguista.org\/index.php\/wp-json\/wp\/v2\/pages\/4693\/revisions\/7325"}],"wp:attachment":[{"href":"https:\/\/partidogaleguista.org\/index.php\/wp-json\/wp\/v2\/media?parent=4693"}],"curies":[{"name":"wp","href":"https:\/\/api.w.org\/{rel}","templated":true}]}}